{"id":6,"date":"2007-02-21T15:07:22","date_gmt":"2007-02-21T14:07:22","guid":{"rendered":"http:\/\/norbi\/wordpress\/?page_id=6"},"modified":"2025-04-10T16:07:41","modified_gmt":"2025-04-10T15:07:41","slug":"tanulmanyok","status":"publish","type":"page","link":"http:\/\/www.szavaijanos.hu\/?page_id=6","title":{"rendered":"Tanulm\u00e1nyok"},"content":{"rendered":"<\/p>\n<p>1. FORMA \u00c9S K\u00d6LT\u00c9SZET (A forma Proteusa)<\/p>\n<p>Balzac legtitokzatosabb \u00edr\u00e1sai k\u00f6z\u00e9 tartozik <em>Az ismeretlen remekm\u0171<\/em>, ez a <em>Filoz\u00f3fiai tanulm\u00e1nyok <\/em>kateg\u00f3ri\u00e1j\u00e1ba besorolt, 1831-ben k\u00e9sz\u00fclt novella, vagy kisreg\u00e9ny.<\/p>\n<p><a title=\"rjepin-tolsztoj.jpg\" href=\"http:\/\/www.szavaijanos.hu\/wp-content\/uploads\/2007\/03\/rjepin-tolsztoj.jpg\"><img decoding=\"async\" src=\"http:\/\/www.szavaijanos.hu\/wp-content\/uploads\/2007\/03\/rjepin-tolsztoj.nezokep.jpg\" alt=\"rjepin-tolsztoj.jpg\"><\/a> <a title=\"demoni-zene.rtf\" href=\"http:\/\/www.szavaijanos.hu\/wp-content\/uploads\/2009\/04\/demoni-zene.rtf\">2. D\u00e9moni zene<\/a>&nbsp;&nbsp; (Tolsztoj: A Kreutzer szon\u00e1ta)<\/p>\n<p>K\u00e9t vil\u00e1g \u00e1ll szemben egym\u00e1ssal. Az egyik a f\u00e9rj \u00e9s a feles\u00e9g vil\u00e1ga, melyet csak a t\u00e1rsadalmi konvenci\u00f3 \u00e9s a szexualit\u00e1s tart \u00f6ssze, s amelyb\u0151l teljess\u00e9ggel hi\u00e1nyzik a p\u00e1rbesz\u00e9d. A m\u00e1sik a heged\u0171s Truhacsevszkij \u00e9s a zongor\u00e1z\u00f3 feles\u00e9g vil\u00e1ga. A heged\u0171-zongora szon\u00e1ta dial\u00f3gus, a k\u00e9t hangszer felv\u00e1ltva sz\u00f3laltatja meg a k\u00fcl\u00f6nb\u00f6z\u0151 t\u00e9m\u00e1kat. Sz\u00f3beli helyett teh\u00e1t zenei dial\u00f3gus j\u00f6n l\u00e9tre, amelyb\u0151l azonban Pozdnisev kimarad.<\/p>\n<p><a title=\"starobinski.jpg\" href=\"http:\/\/www.szavaijanos.hu\/wp-content\/uploads\/2008\/03\/starobinski.jpg\"><img decoding=\"async\" src=\"http:\/\/www.szavaijanos.hu\/wp-content\/uploads\/2008\/03\/starobinski.nezokep.jpg\" alt=\"starobinski.jpg\"><\/a>&nbsp;&nbsp;&nbsp;&nbsp;3.<a title=\"Starobinski \u00e9s a genfi iskola\" href=\"http:\/\/www.szavaijanos.hu\/wp-content\/uploads\/2008\/01\/jean-starobinski-es-a-genfi-iskola.doc\">Starobinski \u00e9s a genfi iskola (Filol\u00f3giai K\u00f6zl\u00f6ny 2008\/1-2)<\/a><\/p>\n<p>C\u00e9lkit\u0171z\u00e9sei, amelyeket a <em>L&#8217;oeil vivant<\/em> bevezet\u0151 tanulm\u00e1ny\u00e1ban fogalmaz meg, egyszerre roppant ambici\u00f3zusak \u00e9s roppant szer\u00e9nyek. Starobinski \u00fagy nyilatkozik, hogy az \u00e9rtelmez\u00e9s nem t\u00f6rekedhet totalit\u00e1sra, s\u0151t &#8222;a teljes kritika tal\u00e1n nem az, amelyik totalit\u00e1sra t\u00f6rekszik.&#8221; Tot\u00e1lis nem lehet, de ugyanakkor &#8211; a horizontv\u00e1lt\u00e1sok m\u00f3dszer\u00e9vel \u00e9lve &#8211; a maga m\u00f3dj\u00e1n teljesnek kell lennie.<\/p>\n<p><a title=\"illyes-es-eluard.jpg\" href=\"http:\/\/www.szavaijanos.hu\/wp-content\/uploads\/2007\/03\/illyes-es-eluard.jpg\"><img decoding=\"async\" src=\"http:\/\/www.szavaijanos.hu\/wp-content\/uploads\/2007\/03\/illyes-es-eluard.nezokep.jpg\" alt=\"illyes-es-eluard.jpg\"><\/a>&nbsp;4. <a title=\"Illy\u00e9s versus \u00c9luard\" href=\"http:\/\/www.szavaijanos.hu\/wp-content\/uploads\/2007\/04\/illyes-versus-eluard.doc\">Illy\u00e9s versus \u00c9luard (Magyar Szemle 2007\/1-2)<br \/><\/a><\/p>\n<p>Egyik nap a k\u00e9t bar\u00e1t hosszabb s\u00e9t\u00e1t tett a dombon, ahonn\u00e9t pazar kil\u00e1t\u00e1s ny\u00edlik a Balatonra. \u00datk\u00f6zben megpillantanak egy p\u00e1sztort, aki bund\u00e1j\u00e1n v\u00e9gigny\u00falva, f\u00e9lk\u00f6ny\u00e9kre t\u00e1maszkodva m\u00e9lyen elmer\u00fcl a kez\u00e9ben tartott k\u00f6nyvbe. &#8222;Csod\u00e1latos orsz\u00e1g &#8211; ki\u00e1lt fel \u00c9luard -, a p\u00e1sztor olvas! Micsoda halad\u00e1s! Megk\u00e9rden\u00e9 t\u0151le, mit olvas? K\u00e9rdezze meg maga, felel Illy\u00e9s, h\u00e1tha \u00e9rti a franci\u00e1t. &#8211; Mit olvas elvt\u00e1rsam &#8211; kock\u00e1ztatja meg a hajdani sz\u00fcrrealista. Mit is olvashatn\u00e9k &#8211; j\u00f6n a v\u00e1lasz, franci\u00e1ul persze, Vergilius <em>Bukolik\u00e1i<\/em>t. &#8211; Tal\u00e1n franci\u00e1ul? &#8211; Azt m\u00e1r nem! Mindent csak eredetiben!<\/p>\n<p><a title=\"maraisandor.jpg\" href=\"http:\/\/www.szavaijanos.hu\/wp-content\/uploads\/2007\/04\/maraisandor.jpg\"><img decoding=\"async\" src=\"http:\/\/www.szavaijanos.hu\/wp-content\/uploads\/2007\/04\/maraisandor.nezokep.jpg\" alt=\"maraisandor.jpg\"><\/a>&nbsp; 5. <a title=\"A l\u00e9tez\u00e9s titokzatos magja\" href=\"http:\/\/www.szavaijanos.hu\/wp-content\/uploads\/2007\/04\/a-gyertyak.doc\">A l\u00e9tez\u00e9s titokzatos magja<\/a>&nbsp;(&nbsp;\u00daj szempontok egy M\u00e1rai reg\u00e9nyhez)<\/p>\n<p><em>A gyerty\u00e1k csonkig \u00e9gnek <\/em>t\u00f6rt\u00e9netmond\u00f3ja Marcus Aurelius-szal egy\u00fctt mondhatn\u00e1: &#8222;B\u00e1rmi legyek is, nem vagyok m\u00e1s, mint test, p\u00e1ra \u00e9s vez\u00e9rl\u0151 \u00e9rtelem. Mintha m\u00e1r hal\u00e1los \u00e1gyadon fek\u00fcdn\u00e9l, vedd semmibe a testet. Vedd szem\u00fcgyre az \u00e9ltet\u0151 leheletet. Ugyan mi az? Harmadik \u00edm a vez\u00e9rl\u0151 \u00e9rtelem. Erre gondolj: \u00f6reg vagy, ne hagyd tov\u00e1bb szolgas\u00e1gban.&#8221;<\/p>\n<p>6.<a title=\"050523_ricoeur.jpg\" href=\"http:\/\/www.szavaijanos.hu\/wp-content\/uploads\/2008\/01\/050523_ricoeur.jpg\"><img decoding=\"async\" src=\"http:\/\/www.szavaijanos.hu\/wp-content\/uploads\/2008\/01\/050523_ricoeur.nezokep.jpg\" alt=\"050523_ricoeur.jpg\"><\/a>&nbsp;<a title=\"Az igazat mondd, ne csak a val\u00f3dit\" href=\"http:\/\/www.szavaijanos.hu\/wp-content\/uploads\/2008\/03\/az-igaza-mondd.rtf\">Az igazat mondd, ne csak a val\u00f3dit<\/a> (Paradigmav\u00e1lt\u00e1s a magyar \u00f6n\u00e9let\u00edr\u00e1sban) Megjelent <em>Alf\u00f6ld 2006\/3.<\/em><\/p>\n<p>&#8222;A sz\u00f6veg vil\u00e1ga &#8211; mondja Ricoeur &#8211; olyan m\u00e9rt\u00e9kben nyit\u00e1s a &#8216;k\u00fcls\u0151&#8217;, a &#8216;m\u00e1sik&#8217; fel\u00e9, amilyen m\u00e9rt\u00e9kben a sz\u00f6veg vil\u00e1ga a sz\u00f6veg bels\u0151 strukt\u00far\u00e1j\u00e1hoz k\u00e9pest teljes m\u00e9rt\u00e9kben eredeti c\u00e9lt \u00e9s sz\u00e1nd\u00e9kot k\u00e9pes sugallni.&#8221; Vagyis amennyiben immanenci\u00e1ba foglalt transzcendencia. A magam felfog\u00e1sa szerint a <em>Jav\u00edtott kiad\u00e1s <\/em>eset\u00e9ben ez a nyit\u00e1s a k\u00fcls\u0151 fel\u00e9 egyr\u00e9szt a &#8222;mi\u00e9rt hagyt\u00e1l el engem aty\u00e1m&#8221;, m\u00e1sr\u00e9szt az \u00e1rul\u00e1s metafor\u00e1ja. A Dante szem\u00e9ben legs\u00falyosabb b\u0171n\u00e9.<\/p>\n<p>7.&nbsp; <a title=\"Maieutika \u00e9s kanoniz\u00e1ci\u00f3\" href=\"http:\/\/www.szavaijanos.hu\/wp-content\/uploads\/2007\/04\/maieutika-es-kanonizacio.doc\">Maieutika \u00e9s kanoniz\u00e1ci\u00f3<\/a><\/p>\n<p>A nyelvhaszn\u00e1lattal kapcsolatos t\u00f6preng\u00e9sei, \u00edgy t\u00f6bbek k\u00f6zt a nyelv \u00e9s az er\u0151szak k\u00f6lcs\u00f6n\u00f6s \u00f6sszef\u00fcgg\u00e9seit firtat\u00f3 k\u00e9rd\u00e9sf\u00f6ltev\u00e9sei Kosztol\u00e1nyit szorosan k\u00f6tik a 20. sz\u00e1zad eur\u00f3pai gondolkod\u00e1s\u00e1nak ahhoz a domin\u00e1ns \u00e1ramlat\u00e1hoz, amely a nyelv problematik\u00e1j\u00e1t meg nem ker\u00fclhet\u0151 k\u00f6zponti k\u00e9rd\u00e9sk\u00e9nt tekinti. Ha val\u00f3ban m\u0171k\u00f6dik a maieutika, akkor a dial\u00f3gus nyilv\u00e1nval\u00f3an e t\u00e9ma k\u00f6r\u00fcl indul el.<\/p>\n<p><a title=\"Acis \u00e9s Galatea\" href=\"http:\/\/www.szavaijanos.hu\/wp-content\/uploads\/2007\/04\/claudelorrainacisetgalatee.jpg\"><img decoding=\"async\" src=\"http:\/\/www.szavaijanos.hu\/wp-content\/uploads\/2007\/04\/claudelorrainacisetgalatee.nezokep.jpg\" alt=\"Acis \u00e9s Galatea\"><\/a>&nbsp;Claude Lorrain Acis \u00e9s Galatea c\u00edm\u0171 festm\u00e9nye, melyet Dosztojevszkij Drezd\u00e1ban l\u00e1tott, s amely h\u00e1rom \u00e1lomle\u00edr\u00e1s\u00e1t (A kamasz, \u00d6rd\u00f6g\u00f6k, Egy nevets\u00e9ges ember \u00e1lma) ihlette.<\/p>\n<p>8. <a title=\"Aletheia\" href=\"http:\/\/www.szavaijanos.hu\/wp-content\/uploads\/2010\/03\/aletheia.rtf\">Aletheia avagy nem tal\u00e1lunk szavakat<\/a><\/p>\n<p>Az igazs\u00e1ghoz, mondja Dosztojevszkij, a fantasztikum seg\u00edts\u00e9g\u00e9vel juthatunk el. Az igazs\u00e1ghoz, mondja a nevets\u00e9ges ember, \u00e1lmomban jutottam el. A k\u00e9t igazs\u00e1g azonban nem ugyanaz az igazs\u00e1g. (Megjelent: Vig\u00edlia, 2006\/5))<\/p>\n<p><a title=\"balzac.jpg\" href=\"http:\/\/www.szavaijanos.hu\/wp-content\/uploads\/2008\/04\/balzac.jpg\"><img decoding=\"async\" src=\"http:\/\/www.szavaijanos.hu\/wp-content\/uploads\/2008\/04\/balzac.nezokep.jpg\" alt=\"balzac.jpg\"><\/a><\/p>\n<p>9. <a title=\"L\u00e9tezik-e f\u00e9l-b\u0171n avagy a mandarin-metafora\" href=\"http:\/\/www.szavaijanos.hu\/wp-content\/uploads\/2007\/04\/mandarin2.doc\">L\u00e9tezik-e f\u00e9l-b\u0171n avagy a mandarin-metafora (Megjelent Alf\u00f6ld 2006\/11) <\/a><\/p>\n<p>A mandarin-metafora legl\u00e1tv\u00e1nyosabb jellegzetess\u00e9ge az <em>azonoss\u00e1g <\/em>\u00e9s a <em>m\u00e1ss\u00e1g <\/em>egybej\u00e1tszat\u00e1sa, pontosabban az id\u0151beli azonoss\u00e1gnak \u00e9s a t\u00e9rbeli m\u00e1ss\u00e1gnak egyetlen szerkezetbe foglal\u00e1sa.<\/p>\n<p><a title=\"szent-orsolya.jpg\" href=\"http:\/\/www.szavaijanos.hu\/wp-content\/uploads\/2007\/04\/szent-orsolya.jpg\"><img decoding=\"async\" src=\"http:\/\/www.szavaijanos.hu\/wp-content\/uploads\/2007\/04\/szent-orsolya.nezokep.jpg\" alt=\"szent-orsolya.jpg\"><\/a>&nbsp;Vittorio Carpaccio <em>Szent Orsolya; <\/em>ezt a k\u00e9pet n\u00e9zi meg T\u00e1bory Elem\u00e9r \u00e9s Etelka Velenc\u00e9ben.<\/p>\n<p>10. <a title=\"A fantasztikum mint a val\u00f3s\u00e1g provok\u00e1ci\u00f3ja\" href=\"http:\/\/www.szavaijanos.hu\/wp-content\/uploads\/2007\/04\/babits-vilagirodalmi-kanonja-es-a-golyakalifa2.doc\">A fantasztikum mint a val\u00f3s\u00e1g provok\u00e1ci\u00f3ja<\/a>&nbsp;(Megjegyz\u00e9sek a G\u00f3lyakalif\u00e1hoz)<\/p>\n<p>A reg\u00e9ny centrum\u00e1ban elhelyezked\u0151 m\u00fazeumi jelenet teh\u00e1t arra utal, amit a t\u00f6rt\u00e9netmond\u00f3 m\u00e1snap meg is fogalmaz mag\u00e1nak: a k\u00e9t \u00e9let minden mozzanata k\u00eds\u00e9rteties pontoss\u00e1ggal illeszkedik egym\u00e1s f\u00f6l\u00e9. (In Alf\u00f6ld 2004\/10)<\/p>\n<p>11.<a title=\"Retorika \u00e9s poiesis\" href=\"http:\/\/www.szavaijanos.hu\/wp-content\/uploads\/2008\/03\/retorika-es-poiesis.doc\">Retorika \u00e9s poiesis<\/a><\/p>\n<p><a title=\"kosztolanyi.jpg\" href=\"http:\/\/www.szavaijanos.hu\/wp-content\/uploads\/2007\/04\/kosztolanyi.jpg\"><img decoding=\"async\" src=\"http:\/\/www.szavaijanos.hu\/wp-content\/uploads\/2007\/04\/kosztolanyi.nezokep.jpg\" alt=\"kosztolanyi.jpg\"><\/a>12.<a title=\"Magyar irodalom Franciaorsz\u00e1gban\" href=\"http:\/\/www.szavaijanos.hu\/wp-content\/uploads\/2007\/04\/cieh.rtf\">Magyar irodalom Franciaorsz\u00e1gban (in J\u00f3zan-Jeney szerk. <em>T\u00fal minden hat\u00e1ron, <\/em>Budapest, Balassi kiad\u00f3, 2008.)<\/a><\/p>\n<p>A paradigmav\u00e1lt\u00e1s els\u0151sorban az irodalom funkci\u00f3j\u00e1ra vonatkozik: kor\u00e1bban az irodalomnak mindenekel\u0151tt az volt a feladata, hogy hasznos legyen, hogy seg\u00edtse a nemzeti identit\u00e1s meg\u0151rz\u00e9s\u00e9t vagy r\u00e9szese legyen a t\u00e1rsadalmi k\u00fczdelmeknek. K\u00e9t pl\u00e1toni \u00e9rtelemben vett idea \u00e1ll itt szemben egym\u00e1ssal, arisztotel\u00e9szi terminol\u00f3gi\u00e1val a retorik\u00e1\u00e9 \u00e9s a k\u00f6lt\u00e9szet\u00e9 (ez ut\u00f3bbinak ma a fikci\u00f3 felel meg). A retorika c\u00e9lja a hallgat\u00f3 vagy a n\u00e9z\u0151 meggy\u0151z\u00e9se; ennek \u00e9rdek\u00e9ben a retorika-bizony\u00edt\u00e1s-meggy\u0151z\u00e9s s\u00e9m\u00e1t alkalmazza. Az irodalomnak az antik po\u00e9tika szerint egy ett\u0151l teljesen k\u00fcl\u00f6nb\u00f6z\u0151 poiesis-mimesis-catharsis mint\u00e1t kellene k\u00f6vetnie. A magyar reg\u00e9ny t\u00f6rt\u00e9net\u00e9ben bek\u00f6vetkez\u0151 fordulat arra utal, hogy a domin\u00e1ns idea ehely\u00fctt megv\u00e1ltozik: az addigi kiv\u00e9telb\u0151l szab\u00e1ly lesz.<\/p>\n<p><a href=\"http:\/\/www.szavaijanos.hu\/wp-content\/uploads\/2007\/02\/jeancocteau.jpg\"><img loading=\"lazy\" decoding=\"async\" class=\"alignnone size-thumbnail wp-image-713\" title=\"jeancocteau\" src=\"http:\/\/www.szavaijanos.hu\/wp-content\/uploads\/2007\/02\/jeancocteau-150x150.jpg\" alt=\"\" width=\"150\" height=\"150\"><\/a> 13. <a title=\"V\u00e1sott k\u00f6lyk\u00f6k \u00e9s egy kisebbrang\u00fa pr\u00f3f\u00e9ta\" href=\"http:\/\/www.szavaijanos.hu\/wp-content\/uploads\/2007\/05\/vasott-kolykok-es-egy-kisebb-rangu-profeta.doc\">V\u00e1sott k\u00f6lyk\u00f6k \u00e9s egy kisebbrang\u00fa pr\u00f3f\u00e9ta<\/a>&nbsp;A <em>Zend\u00fcl\u0151k &#8211; <\/em>Cocteau, Gombrowicz<\/p>\n<p>14.&nbsp;<a title=\"Arc \u00e9s diskurzus (M\u00e1rai: Szabadul\u00e1s)\" href=\"http:\/\/www.szavaijanos.hu\/wp-content\/uploads\/2008\/01\/egy-izgalmas-kudarc.doc\">Arc \u00e9s diskurzus (M\u00e1rai: Szabadul\u00e1s)<\/a><\/p>\n<p>Az arc, amely &#8211; amint Emmanuel L\u00e9vinas mondja &#8211; &#8222;maga a jelent\u00e9s&#8221;, ebben az alvil\u00e1gban nem l\u00e9tezik. Az arc, a filoz\u00f3fus szerint, besz\u00e9l. Besz\u00e9l, m\u00e9ghozz\u00e1 olyan \u00e9rtelemben, hogy az arc teszi lehet\u0151v\u00e9, az arc kezdi el a diskurzust. A <em>Szabadul\u00e1s<\/em>ban az er\u0151szakot tev\u0151 orosz arca nem tal\u00e1lkozik Erzs\u00e9bet arc\u00e1val. Nincsen arc, teh\u00e1t nincsen diskurzus sem.<\/p>\n<p>15.<a title=\"malraux2.jpg\" href=\"http:\/\/www.szavaijanos.hu\/wp-content\/uploads\/2008\/01\/malraux2.jpg\"><img decoding=\"async\" src=\"http:\/\/www.szavaijanos.hu\/wp-content\/uploads\/2008\/01\/malraux2.nezokep.jpg\" alt=\"malraux2.jpg\"><\/a><a title=\"Irodalom, fikci\u00f3, autofikci\u00f3\" href=\"http:\/\/www.szavaijanos.hu\/wp-content\/uploads\/2008\/01\/irodalom-fikcio-autofikcio.doc\">Irodalom, fikci\u00f3, autofikci\u00f3 (in Mekis- Z. Varga szerk. \u00cdrott \u00e9s olvasott identit\u00e1s Az \u00f6n\u00e9letrajzi m\u0171fajok kontextusai, 2008)<br \/><\/a><\/p>\n<p>Malraux az <em>Antimemo\u00e1r <\/em>els\u0151 fejezet\u00e9ben el\u0151ad egy hitelesnek be\u00e1ll\u00edtott t\u00f6rt\u00e9netet, amelynek autentikuss\u00e1ga azonban &#8211; nyilv\u00e1n nem v\u00e9letlen\u00fcl &#8211; ellen\u0151rizhetetlen. Az \u00edr\u00f3 egy pappal egy\u00fctt sz\u00f6kik meg 1941-ben a n\u00e9met fogs\u00e1gb\u00f3l, s egy nyugodtabb pillanatban arr\u00f3l faggatja t\u00e1rs\u00e1t, hogy mint gy\u00f3ntat\u00f3 sokat tudott-e meg az emberekr\u0151l. Nem eg\u00e9szen, feleli a pap, mert amikor a gy\u00f3n\u00e1s elhangzik, az m\u00e1r nem ugyanaz, mint ami t\u00f6rt\u00e9nt, az m\u00e1r csak az elhangz\u00f3 gy\u00f3n\u00e1s. Andr\u00e9 Malraux pl\u00e9b\u00e1nosa l\u00e9nyeg\u00e9ben ugyanazt mondja, amit Friedrich Nietzsche, amikor meg\u00e1llap\u00edtja, hogy a francia forradalom t\u00f6rt\u00e9nete sz\u00e1munkra nem m\u00e1s, mint a francia forradalomr\u00f3l \u00edrott sz\u00f6vegek egym\u00e1sra rak\u00f3dott r\u00e9tegei.<\/p>\n<p>16.&nbsp;<a title=\"kassai-dom.jpg\" href=\"http:\/\/www.szavaijanos.hu\/wp-content\/uploads\/2008\/04\/kassai-dom.jpg\"><img decoding=\"async\" src=\"http:\/\/www.szavaijanos.hu\/wp-content\/uploads\/2008\/04\/kassai-dom.nezokep.jpg\" alt=\"kassai-dom.jpg\"><\/a><a title=\"Iter\u00e1ci\u00f3\" href=\"http:\/\/www.szavaijanos.hu\/wp-content\/uploads\/2008\/03\/iteracio.doc\">Iter\u00e1ci\u00f3<\/a><\/p>\n<p>A Napl\u00f3kban is folyamatosan v\u00e1ltozik e t\u00e9ren a napl\u00f3\u00edr\u00f3 felfog\u00e1sa. &#8222;Nem hiszek semmiben&#8221;, jegyzi fel 1955-ben, s m\u00e9g ugyabban az \u00e9vben, Wittgensteinre r\u00edmelve: &#8222;Nincs c\u00e9l, sem \u00e9rtelem. Csak t\u00e9nyek vannak, irgalmatlanul. (&#8230;) Isten, ha van, hallgat.&#8221; De azt\u00e1n, szinte ugyanakkor: &#8222;\u00c9n nem tudom bizony\u00edtani, hogy van Isten &#8211; de hiszek benne.&#8221; \u00c9s \u00e1thidaland\u00f3 az ellentmond\u00e1st: &#8222;Az embernek lehet k\u00f6ze Istenhez akkor is, ha \u00e9rtelm\u00e9vel istentelenn\u00e9 v\u00e1lik.&#8221;<\/p>\n<p><a title=\"imre_kertesz.jpg\" href=\"http:\/\/www.szavaijanos.hu\/wp-content\/uploads\/2008\/04\/imre_kertesz.jpg\"><img decoding=\"async\" src=\"http:\/\/www.szavaijanos.hu\/wp-content\/uploads\/2008\/04\/imre_kertesz.nezokep.jpg\" alt=\"imre_kertesz.jpg\"><\/a>17. <a title=\"Szabads\u00e1g \u00e9s irodalom\" href=\"http:\/\/www.szavaijanos.hu\/wp-content\/uploads\/2008\/03\/szabadsag-es-irodalom.doc\">Szabads\u00e1g \u00e9s irodalom<\/a><\/p>\n<p>1997-ben megjelent napl\u00f3j\u00e1b\u00f3l (amely az Arthur Rimbaud-t\u00f3l k\u00f6lcs\u00f6nz\u00f6tt <em>Valaki m\u00e1s <\/em>c\u00edmet kapta) Kert\u00e9sz Imre a k\u00f6vetkez\u0151k\u00e9ppen jellemzi az 1989-es fordulatot. &#8222;Annyi t\u00f6rt\u00e9nt csak, hogy visszaadt\u00e1k a conditio minim\u00e1t, a szem\u00e9lyes szabads\u00e1gomat &#8211; csikorogva ugyan, de kiny\u00edlt a z\u00e1rka ajtaja, ahol negyven \u00e9ven \u00e1t fogva tartottak, s meglehet ennyi el\u00e9g lesz ahhoz, hogy megzavarjon. A szabads\u00e1got nem lehet ugyanott meg\u00e9lni, ahol rabs\u00e1gunkat \u00e9lt\u00fck.&#8221;<\/p>\n<p>18.&nbsp; <a title=\"Egyens\u00faly \u00e9s \u00e1lom\" href=\"http:\/\/www.szavaijanos.hu\/wp-content\/uploads\/2008\/03\/valas-budan.doc\">Egyens\u00faly \u00e9s \u00e1lom<\/a><\/p>\n<p>A g\u00f6r\u00f6g hagyom\u00e1ny, \u00e9pp\u00fagy mint a bibliai felfog\u00e1s, az \u00e1lmoknak premonetorikus szerepet tulajdon\u00edt, sokszor az \u00e1lomban sz\u00f3lal meg a mindennapok vil\u00e1ga sz\u00e1m\u00e1ra el\u00e9rhetetlen igazs\u00e1g. Freud n\u00e9zete szerint viszont az \u00e1lom az elfojtott v\u00e1gyak megnyilv\u00e1nul\u00e1s\u00e1nak helye. Greiner Imre pontosan ezt fejti ki a b\u00edr\u00f3 elutas\u00edt\u00f3 felfog\u00e1s\u00e1val vitatkozva. &#8222;\u00d3 nem &#8211; sietett k\u00e9szs\u00e9gesen megnyugtatni az orvos. &#8211; Az \u00e1lmok, igazad van, az \u00e1lmok nem jelentenek sokat. Nincs alak\u00edt\u00f3 erej\u00fck, nincs visszf\u00e9ny\u00fck az \u00e9letre&#8230;legal\u00e1bbis ritk\u00e1n esik meg, hogy kihatnak a nappalra. A tudom\u00e1nyban, a m\u0171v\u00e9szetben \u00e9s az irodalomban van p\u00e9lda re\u00e1. De az \u00e1lom, igazad van, legt\u00f6bbsz\u00f6r csak zavaross\u00e1g. Nincs \u00e9rtelme. \u00c9s ritk\u00e1n oka az \u00e1lom valaminek; majd mindig csak k\u00f6vetkezm\u00e9ny.&#8221;<\/p>\n<p><a title=\"arendthannah.jpg\" href=\"http:\/\/www.szavaijanos.hu\/wp-content\/uploads\/2008\/03\/arendthannah.jpg\"><img decoding=\"async\" src=\"http:\/\/www.szavaijanos.hu\/wp-content\/uploads\/2008\/03\/arendthannah.nezokep.jpg\" alt=\"arendthannah.jpg\"><\/a>19. <a title=\"A pillanat szor\u00edt\u00e1sa\" href=\"http:\/\/www.szavaijanos.hu\/wp-content\/uploads\/2008\/03\/olvasonaplo2.doc\">A pillanat szor\u00edt\u00e1sa (Magyar Szemle 2007\/9-10.) <\/a><\/p>\n<p>Arendtn\u00e9l fogalmaz\u00f3dik meg karakterisztikusan el\u0151sz\u00f6r az a fajta gondolkod\u00e1sm\u00f3d, amely &#8211; fel\u00fcl\u00edrva a politikai \u00e9s ideol\u00f3giai t\u00f6r\u00e9svonalakat &#8211; egy t\u00e1borba utalja s egyk\u00e9nt \u00edt\u00e9li el a huszadik sz\u00e1zad k\u00e9t nagy terrorisztikus rendszer\u00e9t, a n\u00e1cizmust \u00e9s a kommunizmust.<\/p>\n<p><a title=\"berdyaev.jpg\" href=\"http:\/\/www.szavaijanos.hu\/wp-content\/uploads\/2008\/03\/berdyaev.jpg\"><img decoding=\"async\" src=\"http:\/\/www.szavaijanos.hu\/wp-content\/uploads\/2008\/03\/berdyaev.nezokep.jpg\" alt=\"berdyaev.jpg\"><\/a>20.<a title=\"A progresszi\u00f3 hullahegyei\" href=\"http:\/\/www.szavaijanos.hu\/wp-content\/uploads\/2008\/03\/ment-e.doc\">A progresszi\u00f3 hullahegyei (Magyar Szemle 2007\/5-6.) <\/a><\/p>\n<p>S \u00e9pp itt van, fejti ki Nyikolaj Bergyajev, a k\u00fcl\u00f6nbs\u00e9g a kereszt\u00e9ny szeml\u00e9let, illetve a humanizmus \u00e9s a marxizmus k\u00f6z\u00f6tt; \u00e9ppen ebben nyilv\u00e1nul meg a progresszi\u00f3 eszm\u00e9j\u00e9nek kegyetlens\u00e9ge. A kereszt\u00e9nys\u00e9g ugyanis felt\u00e1mad\u00e1st ig\u00e9r, s ez az ig\u00e9ret mindenkinek sz\u00f3l. A progresszi\u00f3 viszont a mindenkori jelen emberis\u00e9g\u00e9nek \u00f6nfel\u00e1ldoz\u00e1s\u00e1t k\u00f6veteli a j\u00f6v\u0151 haszon\u00e9lvez\u0151i nev\u00e9ben. A cs\u00facsra, ahov\u00e1 a progresszi\u00f3 igyekszik, hullahegyeken \u00e1t vezet az \u00fat.<\/p>\n<p><a title=\"jrhuguenin_journal.jpg\" href=\"http:\/\/www.szavaijanos.hu\/wp-content\/uploads\/2008\/04\/jrhuguenin_journal.jpg\"><img decoding=\"async\" src=\"http:\/\/www.szavaijanos.hu\/wp-content\/uploads\/2008\/04\/jrhuguenin_journal.nezokep.jpg\" alt=\"jrhuguenin_journal.jpg\"><\/a>21. <a title=\"Egy fiatalember napl\u00f3ja\" href=\"http:\/\/www.szavaijanos.hu\/wp-content\/uploads\/2008\/04\/egy-fiatalember-naploja.doc\">Egy fiatalember napl\u00f3ja (Ut\u00f3sz\u00f3 J.-R. Huguenin Napl\u00f3 c. k\u00f6nyv\u00e9hez, Csongr\u00e1d, Tilia, 2008.)<br \/><\/a><\/p>\n<p>\u00c9letfelfog\u00e1sa, amennyire a Napl\u00f3b\u00f3l kit\u0171nik, a sz\u00e9ls\u0151s\u00e9gek fel\u00e9 vonzotta, mindenb\u0151l \u00e9s mindenkor a legt\u00f6bbet, a legjobbat, a legnagyobbat akarta. Ezzel pedig olyan \u00e9letm\u00f3d j\u00e1r, amelynek meghat\u00e1roz\u00f3ja a <em>sebess\u00e9g.<\/em> Nincsen meg\u00e1ll\u00e1s, munka, teljes\u00edtm\u00e9ny, emberi kapcsolatok, siker &#8211; mindj\u00e1rt, azonnal. Sz\u00e1guldania kellett annak az aut\u00f3nak is.<\/p>\n<p><a title=\"heidegger.jpg\" href=\"http:\/\/www.szavaijanos.hu\/wp-content\/uploads\/2009\/02\/heidegger.jpg\"><img decoding=\"async\" src=\"http:\/\/www.szavaijanos.hu\/wp-content\/uploads\/2009\/02\/heidegger.nezokep.jpg\" alt=\"heidegger.jpg\"><\/a>22. <a title=\"a_logosztol_a_blogig1.doc\" href=\"http:\/\/www.szavaijanos.hu\/wp-content\/uploads\/2008\/12\/a_logosztol_a_blogig1.doc\">A_logosztol_a_blogig (Alf\u00f6ld 2009\/5) <\/a><\/p>\n<p>A blog-napl\u00f3sz\u00f6vegek szinte parttalanul \u00e1radnak, vagyis k\u00e9ts\u00e9gk\u00edv\u00fcl az \u00edrott besz\u00e9dnek abba a kateg\u00f3ri\u00e1j\u00e1ba sorolhat\u00f3k, amelyet Heidegger fecseg\u00e9snek, az \u00edrott sz\u00f6vegre vonatkoz\u00f3lag pedig &#8222;irk\u00e1l\u00e1snak&#8221; nevez. &#8222;A fecseg\u00e9s kifejez\u00e9snek &#8211; mondja a filoz\u00f3fus &#8211; nincsen semmif\u00e9le becsm\u00e9rl\u0151 jelent\u00e9se. Terminol\u00f3giailag pozit\u00edv fenom\u00e9nt jelent, amely a mindennapi jelenval\u00f3l\u00e9t meg\u00e9rt\u00e9s\u00e9nek \u00e9s \u00e9rtelmez\u00e9s\u00e9nek l\u00e9tm\u00f3dj\u00e1t konstitu\u00e1lja.&#8221; A fecseg\u00e9s \u00e9rtelmez, de nem jut tov\u00e1bb a mindennapi \u00e9rtelmezetts\u00e9gn\u00e9l, ami azt jelenti, hogy &#8222;le van metszve az els\u0151dleges \u00e9s eredend\u0151en igaz l\u00e9tvonatkoz\u00e1sokr\u00f3l.&#8221;<\/p>\n<p>A debreceni irodalmi napokon 2008. december 5-\u00e9n elhangzott el\u0151ad\u00e1s.<\/p>\n<p><a title=\"blanchot1.jpg\" href=\"http:\/\/www.szavaijanos.hu\/wp-content\/uploads\/2009\/02\/blanchot1.jpg\"><img decoding=\"async\" src=\"http:\/\/www.szavaijanos.hu\/wp-content\/uploads\/2009\/02\/blanchot1.nezokep.jpg\" alt=\"blanchot1.jpg\"><\/a>23.<a title=\"be-szeretnem-mutatni-a-magyar-maurice-blanchot.doc\" href=\"http:\/\/www.szavaijanos.hu\/wp-content\/uploads\/2009\/02\/be-szeretnem-mutatni-a-magyar-maurice-blanchot.doc\"> A magyar Maurice Blanchot (Kalligram, 2009\/6.)<br \/><\/a><\/p>\n<p>Blanchot tipikusan olyan \u00edr\u00f3, akit a saj\u00e1t k\u00f6rnyezete kismesternek aposztrof\u00e1l. A kifejez\u00e9s kor\u00e1ntsem pejorat\u00edv, a hangs\u00faly ugyanis a mester sz\u00f3ra esik, a f\u0151nevet megel\u0151z\u0151 jelz\u0151 ink\u00e1bb egyr\u00e9szt a tematikai \u00e9s formai koncentr\u00e1ci\u00f3ra, m\u00e1sr\u00e9szt az \u00edr\u00f3 radik\u00e1lis ig\u00e9nyess\u00e9g\u00e9re, s ez\u00e1ltal a kurrens n\u00e9pszer\u0171s\u00e9g lehet\u0151s\u00e9g\u00e9nek a visszautas\u00edt\u00e1s\u00e1ra utal.<\/p>\n<p><a title=\"homerosz.jpg\" href=\"http:\/\/www.szavaijanos.hu\/wp-content\/uploads\/2009\/04\/homerosz.jpg\"><img decoding=\"async\" src=\"http:\/\/www.szavaijanos.hu\/wp-content\/uploads\/2009\/04\/homerosz.nezokep.jpg\" alt=\"homerosz.jpg\"><\/a>24.<a title=\"M\u00e1rai S\u00e1ndor antikvit\u00e1sk\u00e9pe\" href=\"http:\/\/www.szavaijanos.hu\/wp-content\/uploads\/2009\/04\/marai-sandor-antikvitas.doc\">M\u00e1rai S\u00e1ndor antikvit\u00e1sk\u00e9pe In A. Czegl\u00e9dy-L. Horv\u00e1th et al. szerk. <em>Pietas non sola Romana, Typotex-E\u00f6tv\u00f6s Collegium, 2010.<\/em><\/a><\/p>\n<p>Az utols\u00f3 napl\u00f3ban egy\u00e9rtelm\u0171en a sztoikus gondolkod\u00e1s hat\u00e1sa domin\u00e1l. Vissza-visszat\u00e9r\u0151 a hal\u00e1llal val\u00f3 szemben\u00e9z\u00e9s gondolata. &#8222;Nyugalom, ha a hal\u00e1lra gondolok. Nyugtalans\u00e1g, ha a meghal\u00e1sra gondolok.&#8221; A napl\u00f3\u00edr\u00f3 az\u00e9rt egyszer-egyszer f\u00f6ll\u00e1zad a szinte folyamatosan olvasott Marcus Aurelius belenyugv\u00e1st sugall\u00f3 szeml\u00e9lete ellen. &#8222;Ismer\u0151sebb Faust, aki nem nyugszik, \u00e9s mindig \u00fajra k\u00e9rdez.&#8221;<\/p>\n<p><a title=\"julius-caesar.jpg\" href=\"http:\/\/www.szavaijanos.hu\/wp-content\/uploads\/2009\/04\/julius-caesar.jpg\"><img decoding=\"async\" src=\"http:\/\/www.szavaijanos.hu\/wp-content\/uploads\/2009\/04\/julius-caesar.nezokep.jpg\" alt=\"julius-caesar.jpg\"><\/a><\/p>\n<p><a title=\"nietzsche1874.jpg\" href=\"http:\/\/www.szavaijanos.hu\/wp-content\/uploads\/2009\/05\/nietzsche1874.jpg\"><img decoding=\"async\" src=\"http:\/\/www.szavaijanos.hu\/wp-content\/uploads\/2009\/05\/nietzsche1874.nezokep.jpg\" alt=\"nietzsche1874.jpg\"><\/a><a title=\"A bes\u00fag\u00f3i jelent\u00e9s hermeneutik\u00e1ja\" href=\"http:\/\/www.szavaijanos.hu\/wp-content\/uploads\/2009\/05\/szovegen-szoveg.doc\"> 25. A bes\u00fag\u00f3i jelent\u00e9s hermeneutik\u00e1ja (Kalligram, 2009\/10.)<\/a><\/p>\n<p>A K\u00e1d\u00e1r-rendszer legrettent\u0151bb arc\u00e1t t\u00e1rja fel Rainer narrat\u00edv\u00e1j\u00e1nak ez a vonulata az\u00e1ltal, hogy r\u00e1vil\u00e1g\u00edt a h\u00e1l\u00f3zat h\u00e9tk\u00f6znapi tev\u00e9kenys\u00e9g\u00e9nek h\u00e1rmas funkci\u00f3j\u00e1ra. A jelent\u00e9s felfel\u00e9 inform\u00e1l, lefel\u00e9 megf\u00e9leml\u00edt, s egy\u00fattal&nbsp; mor\u00e1lisan korrump\u00e1lja a jelent\u0151t.<\/p>\n<p><a title=\"maupassant.jpg\" href=\"http:\/\/www.szavaijanos.hu\/wp-content\/uploads\/2009\/08\/maupassant.jpg\"><img decoding=\"async\" src=\"http:\/\/www.szavaijanos.hu\/wp-content\/uploads\/2009\/08\/maupassant.nezokep.jpg\" alt=\"maupassant.jpg\"><\/a>&nbsp;26. <a title=\"Maupassant t\u00e9li (\u00e9s ny\u00e1ri) utaz\u00e1sa\" href=\"http:\/\/www.szavaijanos.hu\/wp-content\/uploads\/2009\/08\/maupassant-teli-utazasa1.doc\">Maupassant t\u00e9li (\u00e9s ny\u00e1ri) utaz\u00e1sa&nbsp; In Filol\u00f3giai Szemle, 2010\/1. <\/a><\/p>\n<p>A c\u00edm: <em>Boule de suif, <\/em>sz\u00f3 szerint <em>Faggy\u00fagoly\u00f3 <\/em>esetleg <em>Zs\u00edrg\u00f6mb &#8211; <\/em>groteszk. A t\u00f6rt\u00e9netmond\u00f3 elmagyar\u00e1zza a cs\u00fafn\u00e9v eredet\u00e9t: az \u00f6r\u00f6ml\u00e1nynak fiatal kora ellen\u00e9re hatalmasan kidudorodik a hasa, mellei is roppant m\u00e9ret\u0171ek, \u00fagy hogy, amint az eredeti sz\u00f6veg egyik (de Flaubert tan\u00e1cs\u00e1ra kiigaz\u00edtott) mondat\u00e1ban olvashatjuk, &#8222;a cs\u00f6cse \u00e9s a hasa egybe\u00e9r&#8221;. Vagyis g\u00f6mb. Mindamellett vonz\u00f3 \u00e9s gusztusos, sz\u00e9p az arca, gy\u00f6ny\u00f6r\u0171 a szeme, tudjuk meg a t\u00f6rt\u00e9netmond\u00f3t\u00f3l.<\/p>\n<p>27.<a title=\"Nietzsche, Voltaire, Leibniz\" href=\"http:\/\/www.szavaijanos.hu\/wp-content\/uploads\/2009\/09\/voltaire.doc\"> Nietzsche, Voltaire, Leibniz (Kalligram, 2009\/12)<br \/><\/a><\/p>\n<p>Egy \u00e9vsz\u00e1zaddal Voltaire hal\u00e1la ut\u00e1n, 1878. m\u00e1jus 20-\u00e1n, Friedrich Nietzsche a francia filoz\u00f3fusnak aj\u00e1nlja <em>Emberi, nagyon is ember <\/em>c\u00edm\u0171 k\u00f6nyv\u00e9t, hogy &#8222;szem\u00e9lyesen fejezze ki h\u00f3dolat\u00e1t a szellem egyik legnagyobb megszabad\u00edt\u00f3j\u00e1nak.&#8221; Hiszen senki sem tett annyit, mint Voltaire, mondja a n\u00e9met filoz\u00f3fus,, annak \u00e9rdek\u00e9ben, hogy a k\u00f6t\u00f6tt szellem\u0171 emberek szabad szellem\u0171 emberekk\u00e9 v\u00e1lhassanak. Nietzsche meghajl\u00e1sa Voltaire szelleme el\u0151tt tulajdonk\u00e9ppen a voltaire-i m\u0171 rendk\u00edv\u00fcl hat\u00e1rozott ir\u00e1nyults\u00e1g\u00fa \u00e9rtelmez\u00e9se.<\/p>\n<p><a title=\"celine.jpg\" href=\"http:\/\/www.szavaijanos.hu\/wp-content\/uploads\/2009\/11\/celine.jpg\"><img decoding=\"async\" src=\"http:\/\/www.szavaijanos.hu\/wp-content\/uploads\/2009\/11\/celine.nezokep.jpg\" alt=\"celine.jpg\"><\/a>&nbsp; 28.&nbsp; <a title=\"lehet-e-celine-t.pdf\" href=\"http:\/\/www.szavaijanos.hu\/wp-content\/uploads\/2011\/05\/lehet-e-celine-t.pdf\">Lehet-e-C\u00e9line-t ford\u00edtani?.pdf<\/a>&nbsp; <a title=\"lehet-e-celine-t.doc\" href=\"http:\/\/www.szavaijanos.hu\/wp-content\/uploads\/2009\/11\/lehet-e-celine-t.doc\">In Revue d&#8217;\u00c9tudes fran\u00e7aises No15. 2010. <\/a><\/p>\n<p>A c\u00e9line-i mondat l\u00e9nyege L\u00e9o Spitzer szerint, hogy kimozd\u00edtja az alanyt meggy\u00f6keresedett \u00e9s domin\u00e1ns helyzet\u00e9b\u0151l, oly m\u00f3don m\u00e9ghozz\u00e1, hogy h\u00e1traveti, gyakorta megk\u00e9tszerezi, esetleg megh\u00e1romszorozza.<\/p>\n<p><a title=\"Mallarm\u00e9\" href=\"http:\/\/www.szavaijanos.hu\/wp-content\/uploads\/2009\/12\/mallarmerenoir.jpg\"><img decoding=\"async\" src=\"http:\/\/www.szavaijanos.hu\/wp-content\/uploads\/2009\/12\/mallarmerenoir.nezokep.jpg\" alt=\"Mallarm\u00e9\"><\/a>29.&nbsp; <a title=\"SALUT vagy a magyar Mallarm\u00e9\" href=\"http:\/\/www.szavaijanos.hu\/wp-content\/uploads\/2009\/12\/salut11.doc\">SALUT (vagy a magyar Mallarm\u00e9) Megjelent Kalligram 2010\/3<br \/><\/a><\/p>\n<p>De kif\u00e9le, mif\u00e9le az <em>Edgar Poe s\u00edrj\u00e1<\/em>nak ez az angyala, aki a t\u00f6rzzsel, a hidr\u00e1val, vagyis a differenci\u00e1latlan t\u00f6meggel, esetleg a s\u00e1rk\u00e1nnyal is szembesz\u00e1llva megtiszt\u00edtja a szavakat? Felvet\u0151dhet (egy alapos, a <em>Salut<\/em>-t \u00e9rtelmez\u0151 tanulm\u00e1ny \u00e9l is ezzel a lehet\u0151s\u00e9ggel, hogy valamif\u00e9le profaniz\u00e1lt, de m\u00e9gis csak egy magasabb rend\u0171 sz\u00e1nd\u00e9kot k\u00f6zvet\u00edt\u0151 l\u00e9nyt l\u00e1ssunk ebben az egy\u00e9rtelm\u0171en a r\u00e9gm\u00faltba helyezett angyalban, aki helyre\u00e1ll\u00edtani pr\u00f3b\u00e1lja a nyelv (a szavak) eredeti funkci\u00f3j\u00e1t. M\u00e1sf\u00e9l\u00e9t, mint Rilke angyala, aki &#8222;az er\u0151sebb l\u00e9t k\u00f6zel\u00e9be&#8221; vonn\u00e1 a k\u00f6lt\u0151t, nem olyat, mint az a teremtm\u00e9ny, aki &#8222;j\u00f3t \u00e1ll az\u00e9rt, hogy a l\u00e1thatatlanban elismerj\u00e9k a realit\u00e1s magasabb fok\u00e1t&#8221;. Mallarm\u00e9 angyala, ha \u00e9rtelmezni pr\u00f3b\u00e1lom, tulajdonk\u00e9ppen a k\u00f6lt\u0151 m\u00faltba vet\u00edtett l\u00e9nye, aki hajdani cselekedet\u00e9vel nyit meg mindennem\u0171 lehet\u0151s\u00e9get a modern k\u00f6lt\u0151 el\u0151tt.<\/p>\n<p><a title=\"Oroszl\u00e1nk\u00f6rm\u00f6k\" href=\"http:\/\/www.szavaijanos.hu\/wp-content\/uploads\/2009\/12\/oroszlankormok.doc\">30. OROSZL\u00c1NK\u00d6RM\u00d6K &#8211; El\u0151sz\u00f3 a (Hov\u00e1nyi M. szerk.) Novum c. k\u00f6tethez (Az \u00dajra\u00edr\u00e1sok Nemzetk\u00f6zi Konferencia Junior szekci\u00f3j\u00e1nak tanulm\u00e1nyk\u00f6tete), Budapest, E\u00f6tv\u00f6s J\u00f3zsef Collegium, 2009.<\/a><\/p>\n<p>A konferencia centrum\u00e1ba az \u00fajra\u00edr\u00e1st\u00e9m\u00e1ja ker\u00fclt, abban a t\u00e1g \u00e9rtelemeben, ahogyan m\u00e1r William Shakesperare meghat\u00e1rozza.<\/p>\n<p><em>So all my best is dressing old words new<\/em><\/p>\n<p><em>Spending again what is already sent <\/em><\/p>\n<p>31<a title=\"celinenaplo.doc\" href=\"http:\/\/www.szavaijanos.hu\/wp-content\/uploads\/2010\/02\/celinenaplo.doc\">. C\u00e9line-napl\u00f3 (Kalligram 2010\/4)<br \/><\/a><\/p>\n<p>32. <a title=\"Patrick Modiano\" href=\"http:\/\/www.szavaijanos.hu\/wp-content\/uploads\/2010\/12\/modiano2.jpg\"><img decoding=\"async\" src=\"http:\/\/www.szavaijanos.hu\/wp-content\/uploads\/2010\/12\/modiano2.thumbnail.jpg\" alt=\"Patrick Modiano\"><\/a><a title=\"Modiano a nyomkeres\u0151\" href=\"http:\/\/www.szavaijanos.hu\/wp-content\/uploads\/2010\/12\/modiano-a-nyomkereso.doc\">Modiano a nyomkeres\u0151<\/a><\/p>\n<p>A <em>Dora Bruder <\/em>elbesz\u00e9l\u0151j\u00e9nek nyomoz\u00e1sa kor\u00e1ntsem hasonl\u00edthat\u00f3 az Allan Edgar Poe \u00e1ltal megform\u00e1lt b\u0171n\u00fcgyi s\u00e9ma szok\u00e1sos t\u00e9nyfelt\u00e1r\u00f3 \u00e9s azut\u00e1n a felt\u00e1rt t\u00e9nyekb\u0151l brav\u00faros m\u00f3don, a fontost \u00e9s a kev\u00e9sb\u00e9 fontost a mindennapit\u00f3l elt\u00e9r\u0151 logikai l\u00e1ncba szervez\u0151 intellektu\u00e1lis teljes\u00edtm\u00e9nyhez, amely Conan Doyle-t\u00f3l Agathe Christie-ig bizonyos \u00e9rtelemben mindm\u00e1ig meghat\u00e1rozza a m\u0171faj m\u0171k\u00f6d\u00e9s\u00e9t. Patrick Modiano mint\u00e1ja ink\u00e1bb lehetne B\u0151rharisnya, James Fenimore Cooper nyomkeres\u0151je, a <em>pathfinder, <\/em>aki a term\u00e9szetben a m\u00e1sok sz\u00e1m\u00e1ra l\u00e1thatatlan jelek felt\u00e1r\u00e1s\u00e1val jut fokozatosan egyre k\u00f6zelebb a titok nyitj\u00e1hoz.<\/p>\n<p><a title=\"Gombrowicz\" href=\"http:\/\/www.szavaijanos.hu\/wp-content\/uploads\/2011\/02\/gombrowicz.jpg\"><img decoding=\"async\" src=\"http:\/\/www.szavaijanos.hu\/wp-content\/uploads\/2011\/02\/gombrowicz.thumbnail.jpg\" alt=\"Gombrowicz\"><\/a> <a title=\"Hrabal\" href=\"http:\/\/www.szavaijanos.hu\/wp-content\/uploads\/2011\/02\/hrabal.jpg\"><img decoding=\"async\" src=\"http:\/\/www.szavaijanos.hu\/wp-content\/uploads\/2011\/02\/hrabal.thumbnail.jpg\" alt=\"Hrabal\"><\/a><\/p>\n<p><a title=\"Eur\u00f3pai reg\u00e9ny - ironikus reg\u00e9ny\" href=\"http:\/\/www.szavaijanos.hu\/wp-content\/uploads\/2011\/02\/ironikus-regeny1.doc\">&nbsp;33.Eur\u00f3pai reg\u00e9ny &#8211; ironikus reg\u00e9ny (Kalligram 2011\/5)<\/a><\/p>\n<p>Ami a n\u00e9gy reg\u00e9nyt \u00f6sszek\u00f6ti, az a v\u00edzi\u00f3 meghat\u00e1roz\u00f3 szerepe. A v\u00edzi\u00f3 minden esetben ironikus, s ez az ironikus v\u00edzi\u00f3 (melynek intenzit\u00e1sa persze k\u00fcl\u00f6nb\u00f6z\u0151) teljess\u00e9ggel meghat\u00e1rozza mind a n\u00e9gy szerz\u0151n\u00e9l a reg\u00e9nyform\u00e1t, vagy m\u00e1sk\u00e9nt kifejezve: a reg\u00e9nyvil\u00e1got. Az ir\u00f3ni\u00e1val kapcsolatban, \u00fagy v\u00e9lem, \u00e9rdemes a filoz\u00f3fus Vladimir Jank\u00e9l\u00e9vitch azon meg\u00e1llap\u00edt\u00e1s\u00e1b\u00f3l kiindulnunk, hogy vannak er\u0151sen ironikus \u00e9s kev\u00e9sb\u00e9 ironikus korszakok, hogy &#8222;ironikusok nemzed\u00e9kei v\u00e1ltakoznak a t\u00falzott komolys\u00e1g nemzed\u00e9keivel&#8221;, vagy m\u00e1s megk\u00f6zel\u00edt\u00e9sben, hogy &#8222;a komolys\u00e1g az a h\u00e1tt\u00e9r, mely el\u0151tt kirajzol\u00f3dhat a nevets\u00e9ges \u00e9s a tragikus, hogy azut\u00e1n ez ut\u00f3bbiak, kontrasztk\u00e9nt feler\u0151s\u00edts\u00e9k \u00e9s kidombor\u00edts\u00e1k mag\u00e1t a komolyt&#8221;<\/p>\n<p><a title=\"Gyergyai Albert\" href=\"http:\/\/www.szavaijanos.hu\/wp-content\/uploads\/2011\/02\/gyergyai-albert.jpg\"><img decoding=\"async\" src=\"http:\/\/www.szavaijanos.hu\/wp-content\/uploads\/2011\/02\/gyergyai-albert.thumbnail.jpg\" alt=\"Gyergyai Albert\"><\/a><a title=\"Gyergyai Albert \u00e9s az E\u00f6tv\u00f6s Collegium\" href=\"http:\/\/www.szavaijanos.hu\/wp-content\/uploads\/2011\/02\/gyergyai-albert-es-az-eotvos-collegium.doc\"> 34. Gyergyai Albert \u00e9s az E\u00f6tv\u00f6s Collegium<\/a><\/p>\n<p>Mi volt a Collegium szerepe \u00e9s ind\u00edttat\u00e1sa ebben a huszas \u00e9vekben kialakult szellemis\u00e9gben? A tekint\u00e9lyek, pontosabban a szellemi tekint\u00e9lyek tisztelete csak az egyik \u00f6sszetev\u0151je a collegiumi \u00f6r\u00f6ks\u00e9gnek, hasonl\u00f3an fontos \u00e9s l\u00e9nyegi a kritikai megk\u00f6zel\u00edt\u00e9s folytonoss\u00e1ga. Maga Gyergyai a k\u00f6vetkez\u0151k\u00e9ppen fogalmazza meg ezt a t\u00f6bbsz\u00f6r\u00f6sen \u00f6sszetett, a k\u00e9t v\u00e9gletet roppant szervesen mag\u00e1ba foglal\u00f3 collegiumi jelleget. &#8222;Ha azt k\u00e9rdem magamban, mit k\u00f6sz\u00f6nhetek a Koll\u00e9giumnak, ma is csak azt felelhetem: mindent. A tud\u00e1s szomj\u00e1t, az ismeret \u00edz\u00e9t, a nemes dolgok szeretet\u00e9t, a b\u00edr\u00e1lat f\u00e9ktelen, magunkon is t\u00falemelked\u0151 szabads\u00e1g\u00e1t, a g\u00fanynak \u00e9s al\u00e1zatnak azt a kibogozhatatlan kever\u00e9k\u00e9t, amely a koll\u00e9giumi szellem egyik legnehezebben t\u0171rt, leghamarabb f\u00e9lre\u00e9rtett s legjellegzetesebb von\u00e1sa, s amely legal\u00e1bb olyan rokon Voltaire-rel, mint Kempis Tam\u00e1ssal.&#8221;<\/p>\n<p>Claude L\u00e9vy-Strauss<\/p>\n<p><a title=\"levy-strauss.jpg\" href=\"http:\/\/www.szavaijanos.hu\/wp-content\/uploads\/2011\/12\/levy-strauss.jpg\"><img decoding=\"async\" src=\"http:\/\/www.szavaijanos.hu\/wp-content\/uploads\/2011\/12\/levy-strauss.nezokep.jpg\" alt=\"levy-strauss.jpg\"><\/a><\/p>\n<p><a title=\"sollers.jpg\" href=\"http:\/\/www.szavaijanos.hu\/wp-content\/uploads\/2011\/12\/sollers.jpg\"><img decoding=\"async\" src=\"http:\/\/www.szavaijanos.hu\/wp-content\/uploads\/2011\/12\/sollers.nezokep.jpg\" alt=\"sollers.jpg\"><\/a> Philippe Sollers<\/p>\n<p>35.&nbsp; <a title=\"A botr\u00e1nyos \u00edr\u00f3\" href=\"http:\/\/www.szavaijanos.hu\/wp-content\/uploads\/2011\/12\/feuilleton2011szavai-kcs.doc\">A botr\u00e1nyos \u00edr\u00f3 (\u00c9let \u00e9s irodalom, 2011.\/42.)<\/a><\/p>\n<p>Figyelemre m\u00e9lt\u00f3 a Vailland-sz\u00f6vegben szerepl\u0151 filoz\u00f3fuspal\u00e1nta gondolatmenete etika \u00e9s eszt\u00e9tika \u00f6sszef\u00fcgg\u00e9s\u00e9r\u0151l: az etikailag rossz term\u00e9szetesen &#8211; \u00edgy logikus &#8211; nem hozhat l\u00e9tre eszt\u00e9tikai min\u0151s\u00e9get. Sz\u00fcks\u00e9gszer\u0171en.<\/p>\n<p>M\u00e1rpedig, egyre t\u00f6bben l\u00e1tj\u00e1k \u00fagy: l\u00e9trehozhat. Claude L\u00e9vy-Strauss mondja p\u00e9ld\u00e1ul, hogy egy nagy form\u00e1tum\u00fa olvas\u00f3t id\u00e9zzek: ha sz\u00e9pirodalmat olvas, akkor vagy Proustot, vagy C\u00e9line-t. Philippe Sollersnek ugyanez a v\u00e9lem\u00e9nye, a huszadik sz\u00e1zadnak csak k\u00e9t nagy francia \u00edr\u00f3ja van, Proust \u00e9s C\u00e9line. Az etnol\u00f3gus arr\u00f3l nem besz\u00e9l, hogy mik\u00e9ppen volt k\u00e9pes \u00e1tugorni a gyal\u00e1zatos \u00e9s fens\u00e9ges k\u00f6zti szakad\u00e9kot. Tal\u00e1n oda se figyelt.<\/p>\n<p><a href=\"http:\/\/www.szavaijanos.hu\/wp-content\/uploads\/2007\/02\/Teljes-Napl\u00f311.doc\">36. M\u00e1rai S\u00e1ndor&nbsp; Teljes napl\u00f3i<\/a> (\u00c9let \u00e9s Irodalom, Ex libris, 2012\/18.)<\/p>\n<p>A <em>Teljes Napl\u00f3 <\/em>kiad\u00e1sa esem\u00e9ny, t\u00f6bbek k\u00f6zt az\u00e9rt, mert \u00e1trendezi (m\u00e1r az eddig publik\u00e1lt t\u00edz k\u00f6tet is r\u00e9szben \u00e1trendezte) a M\u00e1rai-oeuvre szerkezet\u00e9t, m\u00e9g nagyobb nyomat\u00e9kot adva &#8211; a reg\u00e9nyekkel szemben &#8211; az \u00e9n-m\u0171fajoknak. A hazai M\u00e1rai-recepci\u00f3 ir\u00e1ny\u00e1t ma is pontosan hat\u00e1rozza meg Kert\u00e9sz Imre 2000-ben le\u00edrt mondata. &#8222;Az a M\u00e1rai, akir\u0151l itt besz\u00e9l\u00fcnk, nem <em>A gyerty\u00e1k csonkig \u00e9gnek, <\/em>hanem az <em>Egy polg\u00e1r vallom\u00e1sai, <\/em>a <em>F\u00f6ld! f\u00f6ld!&#8230; <\/em>\u00e9s az 1943-t\u00f3l vezetett <em>Napl\u00f3k <\/em>\u00edr\u00f3ja.&#8221;<\/p>\n<p>37.<a href=\"http:\/\/www.szavaijanos.hu\/wp-content\/uploads\/2007\/02\/24.ILLY\u00c9S-BART\u00d3K-ELVIS1.docx\">.ILLY\u00c9S-BART\u00d3K -ELVIS<\/a> (Magyar Szemle 2012. augusztus)<\/p>\n<p>A vers itt ugyanazzal a sz\u00f3p\u00e1rral \u00e9l, mint amelyet Martin Heidegger haszn\u00e1l a fecseg\u00e9st a mond\u00e1ssal (a logosszal) szembe\u00e1ll\u00edtva a <em>L\u00e9t \u00e9s id\u0151<\/em>ben. A fecseg\u00e9s elfedi, s ez\u00e1ltal radik\u00e1lisan elt\u00e1vol\u00edt benn\u00fcnket a l\u00e9nyegest\u0151l. Ezzel szemben, a m\u00e1sik oldalon &#8222;a logosz igazl\u00e9te azt jelenti &#8211; fejti ki a filoz\u00f3fus -: a l\u00e9tez\u0151t, amelyr\u0151l sz\u00f3 van, rejtetts\u00e9g\u00e9b\u0151l kiemelni \u00e9s mint nem rejtettet l\u00e1ttatni, <em>felfedni.&#8221;<\/em><\/p>\n<p>38.<a href=\"http:\/\/www.szavaijanos.hu\/wp-content\/uploads\/2007\/02\/Nem-irodalom111.doc\">A Nem irodalma<\/a>&nbsp; (Veszpr\u00e9m, 2012. november 19.) Megjelent in&nbsp; Horv\u00e1th K., Osztroluczky S. szerk. <em>Az ide\u00e1l mindazon\u00e1ltal meg\u0151rz\u0151dik. Tanulm\u00e1nyok B\u00e9csy&nbsp; \u00c1gnes tisztelet\u00e9re,&nbsp;<\/em>Gondolat, Budapest, 2013.<\/p>\n<\/p>\n<p>39.&nbsp; <a href=\"http:\/\/www.szavaijanos.hu\/wp-content\/uploads\/2007\/02\/A-K\u00d6ZVET\u00cdT\u0150-SZENVED\u00c9LYE.doc\">A K\u00d6ZVET\u00cdT\u0150 SZENVED\u00c9LYE Megjelent \u00c9let \u00e9s irodalom&nbsp; 2013.m\u00e1rc. 14. (r\u00f6vid\u00edtett v\u00e1ltozat) &#8211; Magyar Szemle XXII. 5-6.<\/a><\/p>\n<p>40.<a href=\"http:\/\/www.szavaijanos.hu\/wp-content\/uploads\/2007\/02\/\u00c1LOM-\u00c9S-IRODALOM2013.doc\">H\u00fcpnosz, Morpheusz, Phantaszosz &#8211; \u00c1LOM \u00c9S IRODALOM<\/a><\/p>\n<p>41. GYERGYAI,&nbsp;<a href=\"http:\/\/www.szavaijanos.hu\/wp-content\/uploads\/2007\/02\/GYERGYAI-ALBERT-CAMUS-OLVASATA21.docx\">CAMUS \u00c9S A III.\/III.<\/a><\/p>\n<p>42.&nbsp;<a href=\"http:\/\/www.szavaijanos.hu\/wp-content\/uploads\/2007\/02\/A-NAPL\u00d3-SZ\u00cdNEV\u00c1LTOZ\u00c1SAI.docx\">A NAPL\u00d3 SZ\u00cdNEV\u00c1LTOZ\u00c1SAI Megjelent Helikon 2014\/3. 372-387.<\/a><\/p>\n<p>43.&nbsp;<a href=\"http:\/\/www.szavaijanos.hu\/wp-content\/uploads\/2007\/02\/KATOLIKUS-K\u00d6LT\u00c9SZET2.docx\">KATOLIKUS K\u00d6LT\u00c9SZET<\/a><\/p>\n<p>44.<a href=\"http:\/\/www.szavaijanos.hu\/wp-content\/uploads\/2017\/02\/A-LAPOZ\u00d3M\u0170V\u00c9SZ-AVAGY-MINDEN-EG\u00c9SZ-ELT\u00d6R\u00d6TT.docx\">A LAPOZ\u00d3M\u0170V\u00c9SZ AVAGY MINDEN EG\u00c9SZ ELT\u00d6R\u00d6TT<\/a><\/p>\n<p>45<a href=\"http:\/\/www.szavaijanos.hu\/wp-content\/uploads\/2018\/08\/Augustinust\u00f3l-Camus-ig24-Automatikusan-mentett.docx\">&nbsp; Augustinust\u00f3l Camus-ig<\/a><\/p>\n<p>46.&nbsp;<a href=\"http:\/\/www.szavaijanos.hu\/wp-content\/uploads\/2018\/12\/A-nyolck\u00f6tetes-magyar-vil\u00e1girodalom-t\u00f6rt\u00e9net-genezise-\u00e9s-elt\u0171n\u00e9se11.docx\">A nyolck\u00f6tetes magyar vil\u00e1girodalom t\u00f6rt\u00e9net genezise \u00e9s elt\u0171n\u00e9se (A magyar irodalomtudom\u00e1ny 1990 el\u0151tt c. konferenci\u00e1n 2017 m\u00e1jus 15-\u00e9n elhangzott el\u0151ad\u00e1s)<\/a><\/p>\n<p>47. <a href=\"http:\/\/www.szavaijanos.hu\/wp-content\/uploads\/2018\/08\/Krasznahorkai-menippea.docx\">&nbsp;Krasznahorkai \u00e9s a menippea<\/a><\/p>\n<p>48.<a href=\"http:\/\/www.szavaijanos.hu\/wp-content\/uploads\/2018\/08\/VERLAINE-A-SZEMIN\u00c1RIUMBAN02.docx\">&nbsp; VERLAINE A SZEMIN\u00c1RIUMBAN (Szab\u00f3 L\u0151rinc \u00e9s Verlaine)<\/a><\/p>\n<p>49.<a href=\"http:\/\/www.szavaijanos.hu\/wp-content\/uploads\/2018\/08\/MONTESQUIEU-MAGYARUL.docx\">&nbsp;MONTESQUIEU MAGYARUL<\/a><\/p>\n<p>50.<a href=\"http:\/\/www.szavaijanos.hu\/wp-content\/uploads\/2018\/08\/eln\u00e9mul\u00e1s11.docx\">&nbsp;Vila-Matas \u00e9s az \u00edr\u00f3 eln\u00e9mul\u00e1sa<\/a><\/p>\n<p>51.&nbsp;<a href=\"http:\/\/www.szavaijanos.hu\/wp-content\/uploads\/2018\/08\/REG\u00c9NY-\u00c9S-\u00c1LOM.docx\">REG\u00c9NY \u00c9S \u00c1LOM<\/a><\/p>\n<p>52.<a href=\"http:\/\/www.szavaijanos.hu\/wp-content\/uploads\/2018\/11\/K\u00d6Z\u00c9PEUR\u00d3PAI-ACTE-GRATUI1.docx\">K\u00d6Z\u00c9PEUR\u00d3PAI ACTE GRAT<\/a><\/p>\n<p><a href=\"http:\/\/www.szavaijanos.hu\/wp-content\/uploads\/2020\/05\/OttlikIskolakult\u00fara.docx\">&nbsp;53. Az iskola a hat\u00e1ron t\u00f6rt\u00e9nelemszeml\u00e9lete (Iskolakult\u00fara)<\/a><\/p>\n\n\n<blockquote class=\"wp-block-quote is-layout-flow wp-block-quote-is-layout-flow\">\n<h2 class=\"wp-block-heading\"><strong>5<\/strong>3. <a href=\"http:\/\/Lop\u00e1s1\">Lop\u00e1s1<\/a><\/h2>\n<\/blockquote>\n\n\n<p>54. <a href=\"http:\/\/\u00c1lom \u00e9s Leibniz\" data-wplink-url-error=\"true\">\u00c1<\/a><a href=\"http:\/\/www.szavaijanos.hu\/wp-content\/uploads\/2021\/09\/Alom-es-Leibniz.docx\">lom<\/a><a href=\"http:\/\/\u00c1lom \u00e9s Leibniz\" data-wplink-url-error=\"true\">\u00a0\u00e9s Leibniz<\/a><\/p>\n\n\n<div class=\"wp-block-file\"><a href=\"http:\/\/www.szavaijanos.hu\/wp-content\/uploads\/2021\/09\/Alom-es-Leibniz.docx\">Alom-es-Leibniz<\/a><a href=\"http:\/\/www.szavaijanos.hu\/wp-content\/uploads\/2021\/09\/Alom-es-Leibniz.docx\" class=\"wp-block-file__button wp-element-button\" download>Let\u00f6lt\u00e9s<\/a><\/div>\n","protected":false},"excerpt":{"rendered":"<p>1. FORMA \u00c9S K\u00d6LT\u00c9SZET (A forma Proteusa) Balzac legtitokzatosabb \u00edr\u00e1sai k\u00f6z\u00e9 tartozik Az ismeretlen remekm\u0171, ez a Filoz\u00f3fiai tanulm\u00e1nyok kateg\u00f3ri\u00e1j\u00e1ba besorolt, 1831-ben k\u00e9sz\u00fclt novella, vagy kisreg\u00e9ny. 2. D\u00e9moni zene&nbsp;&nbsp; (Tolsztoj: A Kreutzer szon\u00e1ta) K\u00e9t vil\u00e1g \u00e1ll szemben egym\u00e1ssal. Az egyik a f\u00e9rj \u00e9s a feles\u00e9g vil\u00e1ga, melyet csak a t\u00e1rsadalmi konvenci\u00f3 \u00e9s a szexualit\u00e1s tart [&hellip;]<\/p>\n","protected":false},"author":1,"featured_media":0,"parent":0,"menu_order":3,"comment_status":"closed","ping_status":"closed","template":"","meta":{"footnotes":""},"class_list":["post-6","page","type-page","status-publish","hentry"],"_links":{"self":[{"href":"http:\/\/www.szavaijanos.hu\/index.php?rest_route=\/wp\/v2\/pages\/6","targetHints":{"allow":["GET"]}}],"collection":[{"href":"http:\/\/www.szavaijanos.hu\/index.php?rest_route=\/wp\/v2\/pages"}],"about":[{"href":"http:\/\/www.szavaijanos.hu\/index.php?rest_route=\/wp\/v2\/types\/page"}],"author":[{"embeddable":true,"href":"http:\/\/www.szavaijanos.hu\/index.php?rest_route=\/wp\/v2\/users\/1"}],"replies":[{"embeddable":true,"href":"http:\/\/www.szavaijanos.hu\/index.php?rest_route=%2Fwp%2Fv2%2Fcomments&post=6"}],"version-history":[{"count":47,"href":"http:\/\/www.szavaijanos.hu\/index.php?rest_route=\/wp\/v2\/pages\/6\/revisions"}],"predecessor-version":[{"id":2555,"href":"http:\/\/www.szavaijanos.hu\/index.php?rest_route=\/wp\/v2\/pages\/6\/revisions\/2555"}],"wp:attachment":[{"href":"http:\/\/www.szavaijanos.hu\/index.php?rest_route=%2Fwp%2Fv2%2Fmedia&parent=6"}],"curies":[{"name":"wp","href":"https:\/\/api.w.org\/{rel}","templated":true}]}}